{"id":33028,"date":"2021-11-24T09:53:26","date_gmt":"2021-11-24T09:53:26","guid":{"rendered":"https:\/\/aradoc.es\/politica-de-privacitat\/"},"modified":"2024-02-26T17:40:44","modified_gmt":"2024-02-26T16:40:44","slug":"politica-privacitat","status":"publish","type":"page","link":"https:\/\/aradoc.es\/ca\/politica-privacitat\/","title":{"rendered":"Pol\u00edtica de privacitat"},"content":{"rendered":"\t\t<div data-elementor-type=\"wp-page\" data-elementor-id=\"33028\" class=\"elementor elementor-33028 elementor-3\" data-elementor-post-type=\"page\">\n\t\t\t\t\t\t<section class=\"elementor-section elementor-top-section elementor-element elementor-element-96a1273 elementor-section-boxed elementor-section-height-default elementor-section-height-default\" data-id=\"96a1273\" data-element_type=\"section\">\n\t\t\t\t\t\t<div class=\"elementor-container elementor-column-gap-default\">\n\t\t\t\t\t<div class=\"elementor-column elementor-col-100 elementor-top-column elementor-element elementor-element-69cfcefa\" data-id=\"69cfcefa\" data-element_type=\"column\">\n\t\t\t<div class=\"elementor-widget-wrap elementor-element-populated\">\n\t\t\t\t\t\t<div class=\"elementor-element elementor-element-313a1d1 elementor-widget elementor-widget-heading\" data-id=\"313a1d1\" data-element_type=\"widget\" data-widget_type=\"heading.default\">\n\t\t\t\t<div class=\"elementor-widget-container\">\n\t\t\t\t\t<h1 class=\"elementor-heading-title elementor-size-default\">Pol\u00edtica de Privacitat<\/h1>\t\t\t\t<\/div>\n\t\t\t\t<\/div>\n\t\t\t\t<div class=\"elementor-element elementor-element-aa57bc0 elementor-widget elementor-widget-text-editor\" data-id=\"aa57bc0\" data-element_type=\"widget\" data-widget_type=\"text-editor.default\">\n\t\t\t\t<div class=\"elementor-widget-container\">\n\t\t\t\t\t\t\t\t\t<p><strong>TRACTAMENT DE DADES PERSONALS<\/strong><\/p>\n<p>ARA VINC GESTI\u00d3 DOCUMENTAL S.L., com a responsable del tractament, amb CIF B-67.110.767, l\u2019informa en virtud de la legislaci\u00f3 vigent en mat\u00e8ria de protecci\u00f3 de dades de car\u00e0cter personal, que les dades personales recollides mitjan\u00e7ant els diferents formularis del website, els que faci arribar a les adreces de correu electr\u00f3nic de contacte i els que pugui facilitar en converses telef\u00f3niques, seran tractats amb les seg\u00fcents finalitats:<\/p>\n<ul>\n<li>Atendre els comentaris o consultes que faci arribar a la nostra organitzaci\u00f3.<\/li>\n<li>Gesti\u00f3 dels serveis prestats als clients de la nostra organitzaci\u00f3.<\/li>\n<li>Gesti\u00f3 econ\u00f2mica de l&#8217;empresa.<\/li>\n<li>Recepci\u00f3 del seu Curriculum vitae i avaluaci\u00f3 de la seva candidatura a posicions de treball vacants en la nostra organitzaci\u00f3.<\/li>\n<li>Gesti\u00f3 de la relaci\u00f3 laboral amb els nostres empleats.<\/li>\n<li>Videovigil\u00e0ncia de les instal\u00b7lacions.<\/li>\n<\/ul>\n<div><br><\/div>\n<p>Les dades que ens faciliti es conservaran durant el temps estrictament necessari per a atendre la seva sol\u00b7licitud (inferior a sis mesos, tret que de la seva sol\u00b7licitud es derivi una actuaci\u00f3 que requereixi per motius legals conservar-la durant un per\u00edode m\u00e9s llarg de temps), per a mantenir-ho com a interessat en futurs processos de selecci\u00f3 (un any) o durant els anys necessaris per a complir amb les obligacions legals, com la legislaci\u00f3 laboral i tribut\u00e0ria o una altra legislaci\u00f3 que sigui aplicable.<\/p>\n<p>Us informem que podeu exercir els drets d&#8217;acc\u00e9s, rectificaci\u00f3, supressi\u00f3, oposici\u00f3, limitaci\u00f3 del tractament i portabilitat sobre les dades personals que ens heu facilitat. Per fer-ho, podeu fer arribar la vostra sol\u00b7licitud a la nostra organitzaci\u00f3, fent-nos arribar la vostra sol\u00b7licitud per correu postal a Ara Vinc Gesti\u00f3 Documental S.L., Ref.  Protecci\u00f3 de Dades, C\/ Salvador Espriu, 5-7 08908 \u2013 L\u2019Hospitalet de Llobregat (Barcelona), o b\u00e9 enviar la vostra sol\u00b7licitud per correu electr\u00f2nic a l&#8217;adre\u00e7a dpo@aradoc.cat<\/p>\n<p>A continuaci\u00f3, s&#8217;amplia la informaci\u00f3 sobre els tractaments de dades personals efectuades per part de la nostra societat.<\/p>\n<p><br><\/p>\n<p><b style=\"color: var( --e-global-color-text ); font-family: -apple-system, BlinkMacSystemFont, &quot;Segoe UI&quot;, Roboto, &quot;Helvetica Neue&quot;, Arial, &quot;Noto Sans&quot;, sans-serif, &quot;Apple Color Emoji&quot;, &quot;Segoe UI Emoji&quot;, &quot;Segoe UI Symbol&quot;, &quot;Noto Color Emoji&quot;; font-size: 1rem;\">1. Responsable del Tractament<\/b><br><\/p>\n<p>Ara Vinc Gesti\u00f3 Documental S.L., amb CIF: B-67.110.767, societat inscrita al Registre Mercantil de Barcelona, Tom 20684 Foli 171 Full B-11059.<\/p>\n<p><span style=\"color: var( --e-global-color-text ); font-family: -apple-system, BlinkMacSystemFont, 'Segoe UI', Roboto, 'Helvetica Neue', Arial, 'Noto Sans', sans-serif, 'Apple Color Emoji', 'Segoe UI Emoji', 'Segoe UI Symbol', 'Noto Color Emoji'; font-size: 1rem;\">Vost\u00e8 pot posar-se en contacte amb la nostra societat, de manera efectiva, de forma presencial o per correu postal a la nostra seu social: C\/ Salvador Espriu, 5-7 08908 \u2013 L\u2019Hospitalet de Llobregat (Barcelona). Aix\u00ed mateix, podeu obtenir informaci\u00f3 addicional sobre els tractaments efectuats, enviant un correu electr\u00f2nic a l&#8217;atenci\u00f3 del Delegat de Protecci\u00f3 de Dades, a l&#8217;adre\u00e7a dpo@aradoc.cat.<\/span><\/p>\n<p>La nostra societat tracta diferents dades personals dels interessats, amb diferents finalitats. A continuaci\u00f3 es descriuen els diferents tractaments efectuats, la seva finalitat, la base que legitima cada tractament, les cessions previstes a tercers, i els per\u00edodes de conservaci\u00f3 de la informaci\u00f3:<\/p>\n<p><br><\/p>\n<p><b>2. Relaci\u00f3 d&#8217;activitats de tractament de dades personals dutes a terme per la nostra organitzaci\u00f3.<br><\/b><\/p>\n<ul>\n<li>Atenci\u00f3 de comentaris i consultes que faci arribar a la nostra organitzaci\u00f3.<\/li>\n<li>Origen de les dades: facilitats pel propi interessat, mitjan\u00e7ant formularis habilitats a aquest efecte en el website, o informaci\u00f3 transmesa a l&#8217;organitzaci\u00f3 per correu electr\u00f2nic o per tel\u00e8fon.<\/li>\n<li>Finalitat del tractament: gestionar els comentaris i consultes que l&#8217;interessat fa arribar a la nostra organitzaci\u00f3.<\/li>\n<li>Base que legitima el tractament: inter\u00e8s leg\u00edtim de la nostra organitzaci\u00f3 (el tractament \u00e9s necessari per a l&#8217;execuci\u00f3 d&#8217;un contracte en el qual l&#8217;interessat \u00e9s part o per a l&#8217;aplicaci\u00f3 a petici\u00f3 d&#8217;aquest de mesures precontractuals), i consentiment expr\u00e9s de l&#8217;interessat per a aquells casos en els quals aix\u00ed se li sol\u00b7liciti.<\/li>\n<li>Cessions de dades a tercers: no es contemplen cessions de la informaci\u00f3 facilitada a tercers que siguin aliens a la nostra organitzaci\u00f3.<\/li>\n<li>Per\u00edode de conservaci\u00f3 de les dades: inferior a sis mesos, tret que de la seva sol\u00b7licitud es derivi una actuaci\u00f3 que requereixi per motius legals conservar-la durant un per\u00edode m\u00e9s llarg de temps.<\/li>\n<\/ul>\n<div><br><\/div>\n<div> <\/div>\n<p><b>3. Gesti\u00f3 dels serveis prestats als clients de la nostra organitzaci\u00f3.<br><\/b><\/p>\n<ul>\n<li>Origen de les dades: facilitats pel propi interessat, mitjan\u00e7ant formularis habilitats a aquest efecte en el website, o informaci\u00f3 transmesa a l&#8217;organitzaci\u00f3 per correu electr\u00f2nic o per tel\u00e8fon.<\/li>\n<li>Finalitat del tractament: gestionar els serveis encarregats pels interessats a la nostra organitzaci\u00f3.<\/li>\n<li>Base que legitima el tractament: inter\u00e8s leg\u00edtim de la nostra organitzaci\u00f3 (el tractament \u00e9s necessari per a l&#8217;execuci\u00f3 d&#8217;un contracte en el qual l&#8217;interessat \u00e9s part o per a l&#8217;aplicaci\u00f3 a petici\u00f3 d&#8217;aquest de mesures precontractuals), i consentiment expr\u00e9s de l&#8217;interessat per a aquells casos en els quals aix\u00ed se li sol\u00b7liciti.<\/li>\n<li>Cessions de dades a tercers: no es contemplen cessions de la informaci\u00f3 facilitada a tercers que siguin aliens a la nostra organitzaci\u00f3.<\/li>\n<li>Per\u00edode de conservaci\u00f3 de les dades: inferior a sis mesos, tret que de la seva sol\u00b7licitud es derivi una actuaci\u00f3 que requereixi per motius legals conservar-la durant un per\u00edode m\u00e9s llarg de temps.<\/li>\n<\/ul>\n<div><br><\/div>\n<div> <\/div>\n<p><b>4. Gesti\u00f3 econ\u00f2mica de l&#8217;empresa.<br><\/b><\/p>\n<ul>\n<li>Origen de les dades: facilitats pel propi interessat o pel seu representant legal, per correu electr\u00f2nic o per tel\u00e8fon.<\/li>\n<li>Finalitat del tractament: gestionar l&#8217;activitat econ\u00f2mica de l&#8217;empresa segons la legislaci\u00f3 vigent en mat\u00e8ria fiscal i mercantil.<\/li>\n<li>Base que legitima el tractament: inter\u00e8s leg\u00edtim de la nostra organitzaci\u00f3 (el tractament \u00e9s necessari per a l&#8217;execuci\u00f3 d&#8217;un contracte en el qual l&#8217;interessat \u00e9s part o per a l&#8217;aplicaci\u00f3 a petici\u00f3 d&#8217;aquest de mesures precontractuals, i el tractament \u00e9s necessari per al compliment d&#8217;una obligaci\u00f3 legal aplicable al responsable del tractament).<\/li>\n<li>Cessions de dades a tercers: en cas que sigui necessari, a l&#8217;administraci\u00f3 p\u00fablica amb compet\u00e8ncia en la mat\u00e8ria, com pot ser l&#8217;Ag\u00e8ncia Tribut\u00e0ria o Seguretat Social.<\/li>\n<li>Per\u00edode de conservaci\u00f3 de les dades: el requerit per l&#8217;administraci\u00f3 p\u00fablica fins a l&#8217;extinci\u00f3 de les responsabilitats.<\/li>\n<\/ul>\n<div><br><\/div>\n<div> <\/div>\n<p><b>5. Recepci\u00f3 del seu Curr\u00edculum<br><\/b><\/p>\n<ul>\n<li>Vitae i avaluaci\u00f3 de la seva candidatura a posicions de treball vacants en la nostra organitzaci\u00f3.<\/li>\n<li>Origen de les dades: facilitats pel propi interessat, mitjan\u00e7ant formularis habilitats a aquest efecte en el website, o informaci\u00f3 transmesa a l&#8217;organitzaci\u00f3 per correu electr\u00f2nic o per tel\u00e8fon.<\/li>\n<li>Finalitat del tractament: avaluaci\u00f3 de candidatures a llocs de treball en la nostra organitzaci\u00f3.<\/li>\n<li>Base que legitima el tractament: inter\u00e8s leg\u00edtim de la nostra organitzaci\u00f3 (el tractament \u00e9s necessari per a l&#8217;execuci\u00f3 d&#8217;un contracte en el qual l&#8217;interessat \u00e9s part o per a l&#8217;aplicaci\u00f3 a petici\u00f3 d&#8217;aquest de mesures precontractuals).<\/li>\n<li>Cessions de dades a tercers: no es contemplen cessions de la informaci\u00f3 facilitada a tercers que siguin aliens a la nostra organitzaci\u00f3.<\/li>\n<li>Per\u00edode de conservaci\u00f3 de les dades: inferior a un any si s&#8217;observa que el perfil del sol\u00b7licitant pot ajustar-se a necessitats presents o futures de l&#8217;empresa. En el cas que el perfil no s&#8217;ajusti a les necessitats de l&#8217;empresa, es procedir\u00e0 a la destrucci\u00f3 immediata.<\/li>\n<\/ul>\n<div><br><\/div>\n<div> <\/div>\n<p><b>6. Gesti\u00f3 de la relaci\u00f3 laboral amb els nostres empleats.<br><\/b><\/p>\n<ul>\n<li>Origen de les dades: facilitats pel propi interessat o pel seu representant legal, per correu electr\u00f2nic o per tel\u00e8fon.<\/li>\n<li>Finalitat del tractament: gestionar la relaci\u00f3 laboral amb els nostres empleats.<\/li>\n<li>Base que legitima el tractament: inter\u00e8s leg\u00edtim de la nostra organitzaci\u00f3 (el tractament \u00e9s necessari per a l&#8217;execuci\u00f3 d&#8217;un contracte en el qual l&#8217;interessat \u00e9s part o per a l&#8217;aplicaci\u00f3 a petici\u00f3 d&#8217;aquest de mesures precontractuals, i el tractament \u00e9s necessari per al compliment d&#8217;una obligaci\u00f3 legal aplicable al responsable del tractament).<\/li>\n<li>Cessions de dades a tercers: en cas que sigui necessari, a l&#8217;administraci\u00f3 p\u00fablica amb compet\u00e8ncia en la mat\u00e8ria, com pot ser l&#8217;Ag\u00e8ncia Tribut\u00e0ria o Seguretat Social.<\/li>\n<li>Per\u00edode de conservaci\u00f3 de les dades: inferior a sis mesos, tret que de la seva sol\u00b7licitud es derivi una actuaci\u00f3 que requereixi per motius legals conservar-la durant un per\u00edode m\u00e9s llarg de temps.<\/li>\n<\/ul>\n<div><br><\/div>\n<div> <\/div>\n<p><b>7. Videovigil\u00e0ncia de les instal\u00b7lacions.<br><\/b><\/p>\n<ul>\n<li>Origen de les dades: facilitats pel propi interessat en accedir, o intentar accedir, a les instal\u00b7lacions en les quals es disposen de dispositius de videovigil\u00e0ncia.<\/li>\n<li>Finalitat del tractament: seguretat de les persones, b\u00e9ns i instal\u00b7lacions.<\/li>\n<li>Base que legitima el tractament: inter\u00e8s leg\u00edtim de la nostra organitzaci\u00f3.<\/li>\n<li>Cessions de dades a tercers: forces i cossos de seguretat.<\/li>\n<li>Per\u00edode de conservaci\u00f3 de les dades: un mes des de la captaci\u00f3.<\/li>\n<\/ul>\n<div><br><\/div>\n<div> <\/div>\n<p><b>8. Gesti\u00f3 del canal de den\u00fancies<br><\/b>Gesti\u00f3 del canal de den\u00fancies<\/p>\n<p><span style=\"color: var( --e-global-color-text ); font-family: -apple-system, BlinkMacSystemFont, 'Segoe UI', Roboto, 'Helvetica Neue', Arial, 'Noto Sans', sans-serif, 'Apple Color Emoji', 'Segoe UI Emoji', 'Segoe UI Symbol', 'Noto Color Emoji'; font-size: 1rem;\">Finalitat del tractament: la finalitat del tractament \u00e9s la recepci\u00f3 i gesti\u00f3 de les den\u00fancies que es formulin sobre els incompliments normatius o indicis de comissi\u00f3 d&#8217;il\u00b7l\u00edcits penals a la companyia en compliment del que disposa la Llei 2\/23 de 20 de febrer reguladora de la protecci\u00f3 de les persones que informin sobre infraccions normatives i de lluita contra la corrupci\u00f3.<\/span><\/p>\n<p>Base legal del tractament: Compliment d&#8217;una obligaci\u00f3 legal per part d&#8217;ARA VINC GESTI\u00d3 DOCUMENTAL, S.L. RGPD art. 6.1 c<br>En cap cas seran objecte de tractament les dades personals que no siguin necess\u00e0ries per al coneixement i la investigaci\u00f3 de les accions o omissions a qu\u00e8 es refereix l&#8217;article 2 de la llei 2\/2023 de protecci\u00f3 de l&#8217;informant, i es procedir\u00e0, si escau, a immediata supressi\u00f3.<br>Aix\u00ed mateix, se suprimiran totes aquelles dades personals que es puguin haver comunicat i que es refereixin a conductes que no estiguin incloses a l&#8217;\u00e0mbit d&#8217;aplicaci\u00f3 de la llei.<\/p>\n<p>Si la informaci\u00f3 rebuda cont\u00e9 dades personals incloses dins de les categories especials de dades, es procedir\u00e0 a suprimir-la immediatament, sense que es procedeixi al registre i tractament d&#8217;aquestes.<\/p>\n<p>Termini de conservaci\u00f3: Les dades es conservaran al sistema de canal de den\u00fancies nom\u00e9s durant el temps imprescindible per decidir sobre la proced\u00e8ncia d&#8217;iniciar una investigaci\u00f3 sobre els fets informats. En tot cas, transcorreguts tres mesos des de la recepci\u00f3 de la comunicaci\u00f3 sense que s&#8217;hagin iniciat actuacions de recerca, es procedir\u00e0 a la seva anonimitzaci\u00f3 amb la finalitat de deixar evid\u00e8ncies del funcionament del sistema.<\/p>\n<p>L&#8217;empresa disposa d&#8217;un llibre registre d&#8217;informaci\u00f3 i investigaci\u00f3 de les informacions rebudes garantint-ne la confidencialitat tal com s&#8217;estableix legalment i conservant les dades personals per un per\u00edode no superior a deu anys.<\/p>\n<p>Acc\u00e9s a les dades i cessi\u00f3 de dades a tercers Tindr\u00e0 acc\u00e9s a la informaci\u00f3 tramesa per l&#8217;interessat, el responsable del sistema intern d&#8217;informaci\u00f3, aix\u00ed com els col\u00b7laboradors autoritzats per aquest per dur a terme la gesti\u00f3 i la investigaci\u00f3 procedents.<\/p>\n<p>Les dades es comunicaran a tercers, com Forces i Cossos de Seguretat de l&#8217;Estat, fiscalia i autoritats judicials nacionals o europees, quan sigui necessari per a l&#8217;adopci\u00f3 d&#8217;eventuals mesures correctores a l&#8217;entitat o la tramitaci\u00f3 dels procediments sancionadors o penals que, en la seva cas, procedeixin.<\/p>\n<p><br><\/p>\n<p><b>Drets de Protecci\u00f3 de dades:<\/b><br>L\u2019interessat, en relaci\u00f3 a les dades que s\u00f3n tractats per Ara Vinc Gesti\u00f3 Documental S.L., t\u00e9 la possibilitat d\u2019exercitar de manera lliure i gratu\u00efta els seg\u00fcents drets:<\/p>\n<ul>\n<li>Accedir a les seves dades personals.<\/li>\n<li>Rectificar les seves dades personals quan resultin inexactes o incomplets.<\/li>\n<\/ul>\n<ul>\n<li>Suprimir les seves dades personals quan no siguin necessaris per als fins per als quals van ser recaptats, entre altres motius.<\/li>\n<li>Limitar el tractament per part d&#8217;Ara Vinc Gesti\u00f3 Documental S.L. de tots o part de les dades personals en les circumst\u00e0ncies que determina la llei.<\/li>\n<li>Oposar-se a determinats tractaments en les circumst\u00e0ncies i per motius relacionats amb la seva situaci\u00f3 particular.<\/li>\n<li>Sol\u00b7licitar la portabilitat de les seves dades personals en un format interoperable i autosuficient.<\/li>\n<li>Retirar, en qualsevol moment, els consentiments atorgats pr\u00e8viament.<\/li>\n<\/ul>\n<div><br><\/div>\n<div><br><\/div>\n<div> <\/div>\n<p><b>Per a l&#8217;exercici d&#8217;aquests drets podeu adre\u00e7ar-vos per escrit a Ara Vinc Gesti\u00f3 Documental S.L., acreditant degudament la vostra identitat, a trav\u00e9s de:<\/b><\/p>\n<ul>\n<li>Correu electr\u00f2nic: dpo@aradoc.cat<\/li>\n<li>Correu postal: C\/ Salvador Espriu, 5-7 08908 \u2013 L\u2019Hospitalet de Llobregat (Barcelona), amb la refer\u00e8ncia \u201cProtecci\u00f3 de Dades\u201d.<\/li>\n<\/ul>\n<div><br><\/div>\n<p>De manera presencial en les nostres oficines.<\/p>\n<p>En cas de disconformitat amb la resposta obtinguda, us podeu adre\u00e7ar a l&#8217;Ag\u00e8ncia Espanyola de Protecci\u00f3 de Dades Personals a trav\u00e9s del web www.aepd.es.<\/p>\t\t\t\t\t\t\t\t<\/div>\n\t\t\t\t<\/div>\n\t\t\t\t\t<\/div>\n\t\t<\/div>\n\t\t\t\t\t<\/div>\n\t\t<\/section>\n\t\t\t\t<\/div>\n\t\t","protected":false},"excerpt":{"rendered":"<p>Pol\u00edtica de Privacitat TRACTAMENT DE DADES PERSONALS ARA VINC GESTI\u00d3 DOCUMENTAL S.L., com a responsable del tractament, amb CIF B-67.110.767, l\u2019informa en virtud de la legislaci\u00f3 vigent en mat\u00e8ria de protecci\u00f3 de dades de car\u00e0cter personal, que les dades personales recollides mitjan\u00e7ant els diferents formularis del website, els que faci arribar a les adreces de [&hellip;]<\/p>\n","protected":false},"author":2,"featured_media":0,"parent":0,"menu_order":0,"comment_status":"closed","ping_status":"closed","template":"elementor_header_footer","meta":{"inline_featured_image":false,"footnotes":""},"class_list":["post-33028","page","type-page","status-publish","hentry"],"_links":{"self":[{"href":"https:\/\/aradoc.es\/ca\/wp-json\/wp\/v2\/pages\/33028","targetHints":{"allow":["GET"]}}],"collection":[{"href":"https:\/\/aradoc.es\/ca\/wp-json\/wp\/v2\/pages"}],"about":[{"href":"https:\/\/aradoc.es\/ca\/wp-json\/wp\/v2\/types\/page"}],"author":[{"embeddable":true,"href":"https:\/\/aradoc.es\/ca\/wp-json\/wp\/v2\/users\/2"}],"replies":[{"embeddable":true,"href":"https:\/\/aradoc.es\/ca\/wp-json\/wp\/v2\/comments?post=33028"}],"version-history":[{"count":3,"href":"https:\/\/aradoc.es\/ca\/wp-json\/wp\/v2\/pages\/33028\/revisions"}],"predecessor-version":[{"id":35303,"href":"https:\/\/aradoc.es\/ca\/wp-json\/wp\/v2\/pages\/33028\/revisions\/35303"}],"wp:attachment":[{"href":"https:\/\/aradoc.es\/ca\/wp-json\/wp\/v2\/media?parent=33028"}],"curies":[{"name":"wp","href":"https:\/\/api.w.org\/{rel}","templated":true}]}}