{"id":33018,"date":"2021-11-24T09:06:59","date_gmt":"2021-11-24T09:06:59","guid":{"rendered":"https:\/\/aradoc.es\/avis-legal\/"},"modified":"2023-12-18T23:42:02","modified_gmt":"2023-12-18T22:42:02","slug":"avis-legal","status":"publish","type":"page","link":"https:\/\/aradoc.es\/ca\/avis-legal\/","title":{"rendered":"Av\u00eds legal"},"content":{"rendered":"\t\t<div data-elementor-type=\"wp-page\" data-elementor-id=\"33018\" class=\"elementor elementor-33018 elementor-19826\" data-elementor-post-type=\"page\">\n\t\t\t\t\t\t<section class=\"elementor-section elementor-top-section elementor-element elementor-element-96a1273 elementor-section-boxed elementor-section-height-default elementor-section-height-default\" data-id=\"96a1273\" data-element_type=\"section\">\n\t\t\t\t\t\t<div class=\"elementor-container elementor-column-gap-default\">\n\t\t\t\t\t<div class=\"elementor-column elementor-col-100 elementor-top-column elementor-element elementor-element-69cfcefa\" data-id=\"69cfcefa\" data-element_type=\"column\">\n\t\t\t<div class=\"elementor-widget-wrap elementor-element-populated\">\n\t\t\t\t\t\t<div class=\"elementor-element elementor-element-a77de0f elementor-widget elementor-widget-heading\" data-id=\"a77de0f\" data-element_type=\"widget\" data-widget_type=\"heading.default\">\n\t\t\t\t<div class=\"elementor-widget-container\">\n\t\t\t\t\t<h1 class=\"elementor-heading-title elementor-size-default\">Av\u00eds legal<\/h1>\t\t\t\t<\/div>\n\t\t\t\t<\/div>\n\t\t\t\t<div class=\"elementor-element elementor-element-34d0254 elementor-widget elementor-widget-text-editor\" data-id=\"34d0254\" data-element_type=\"widget\" data-widget_type=\"text-editor.default\">\n\t\t\t\t<div class=\"elementor-widget-container\">\n\t\t\t\t\t\t\t\t\t<h5><strong style=\"color: #4d4d4d;\">CONDICIONS GENERALS D&#8217;\u00daS<\/strong><\/h5>\n\t\t\t\t\t\t\t\t<\/div>\n\t\t\t\t<\/div>\n\t\t\t\t<div class=\"elementor-element elementor-element-4b5a942 elementor-widget elementor-widget-text-editor\" data-id=\"4b5a942\" data-element_type=\"widget\" data-widget_type=\"text-editor.default\">\n\t\t\t\t<div class=\"elementor-widget-container\">\n\t\t\t\t\t\t\t\t\t<p>Ara Vinc Gesti\u00f3 Documental S.L l\u2019informa que l\u2019acc\u00e9s i \u00fas d\u2019aquesta p\u00e0gina web i tots els subdominis i directoris inclosos sota la mateixa (d\u2019ara endavant el website), aix\u00ed com els serveis o continguts que a trav\u00e9s d\u2019ell es puguin obtenir, estan subjectes als termes que es detallen en aquest av\u00eds legal, sense perjudici que l\u2019acc\u00e9s a algun d\u2019aquests serveis o continguts pugui precisar de l\u2019acceptaci\u00f3 d\u2019unes Condicions Generals, o particulars, addicionals.<\/p>\n\t\t\t\t\t\t\t\t<\/div>\n\t\t\t\t<\/div>\n\t\t\t\t<div class=\"elementor-element elementor-element-5ba2424 elementor-widget elementor-widget-text-editor\" data-id=\"5ba2424\" data-element_type=\"widget\" data-widget_type=\"text-editor.default\">\n\t\t\t\t<div class=\"elementor-widget-container\">\n\t\t\t\t\t\t\t\t\t<p>Ara Vinc Gesti\u00f3 Documental S.L es reserva el dret a fer canvis en el website sense previ av\u00eds, a fi d\u2019actualitzar, corregir, modificar, afegir o eliminar els continguts del website o del seu disseny. Els continguts i serveis del website s\u2019actualitzen peri\u00f2dicament, per la qual cosa suggerim que comprovi sempre la vig\u00e8ncia i exactitud de la informaci\u00f3, serveis i continguts recollits en el website, aix\u00ed com la revisi\u00f3 del present av\u00eds legal. <\/p>\n\t\t\t\t\t\t\t\t<\/div>\n\t\t\t\t<\/div>\n\t\t\t\t<div class=\"elementor-element elementor-element-004f37e elementor-widget elementor-widget-text-editor\" data-id=\"004f37e\" data-element_type=\"widget\" data-widget_type=\"text-editor.default\">\n\t\t\t\t<div class=\"elementor-widget-container\">\n\t\t\t\t\t\t\t\t\t<p>El codi font, els dissenys gr\u00e0fics, les imatges, les fotografies, els sons, les animacions, el programari, els textos, els noms de domini, els signes distintius, aix\u00ed com la informaci\u00f3 i els continguts recollits al llarg de tot el website pertanyen a Ara Vinc Gesti\u00f3 Documental S.L. i estan protegits pels corresponents drets de propietat intel\u00b7lectual i industrial.<\/p>\n\t\t\t\t\t\t\t\t<\/div>\n\t\t\t\t<\/div>\n\t\t\t\t<div class=\"elementor-element elementor-element-5e6f666 elementor-widget elementor-widget-text-editor\" data-id=\"5e6f666\" data-element_type=\"widget\" data-widget_type=\"text-editor.default\">\n\t\t\t\t<div class=\"elementor-widget-container\">\n\t\t\t\t\t\t\t\t\t<p>La seva utilitzaci\u00f3, reproducci\u00f3, distribuci\u00f3, comunicaci\u00f3 p\u00fablica, transformaci\u00f3 o qualsevol altra activitat similar o an\u00e0loga, queda totalment prohibida tret que medi\u00ef expressa autoritzaci\u00f3 de Ara Vinc Gesti\u00f3 Documental S.L. L\u2019usuari, exclusivament, pot utilitzar el material que aparegui en el website per al seu \u00fas personal i privat, quedant prohibit el seu \u00fas amb finalitats comercials o qualsevol altre \u00fas que no sigui personal i privat.<\/p>\n\t\t\t\t\t\t\t\t<\/div>\n\t\t\t\t<\/div>\n\t\t\t\t<div class=\"elementor-element elementor-element-d69ca01 elementor-widget elementor-widget-text-editor\" data-id=\"d69ca01\" data-element_type=\"widget\" data-widget_type=\"text-editor.default\">\n\t\t\t\t<div class=\"elementor-widget-container\">\n\t\t\t\t\t\t\t\t\t<p>Ara Vinc Gesti\u00f3 Documental S.L declara el seu respecte als drets de propietat intel\u00b7lectual i industrial de tercers. Si considera que aquest website pogu\u00e9s estar violant els seus drets, preguem que es posi en contacte amb Ara Vinc Gesti\u00f3 Documental S.L enviant un correu electr\u00f2nic a l\u2019adre\u00e7a <a href=\"mailto:delegatlopd@aravinc.com\">dpo@aradoc.com<\/a> indicant en l\u2019assumpte del correu \u201cRef. Website\u201d.<\/p>\t\t\t\t\t\t\t\t<\/div>\n\t\t\t\t<\/div>\n\t\t\t\t<div class=\"elementor-element elementor-element-31f8c10 elementor-widget elementor-widget-text-editor\" data-id=\"31f8c10\" data-element_type=\"widget\" data-widget_type=\"text-editor.default\">\n\t\t\t\t<div class=\"elementor-widget-container\">\n\t\t\t\t\t\t\t\t\t<h5><strong>INFORMACI\u00d3 GENERAL<\/strong><\/h5>\n\t\t\t\t\t\t\t\t<\/div>\n\t\t\t\t<\/div>\n\t\t\t\t<div class=\"elementor-element elementor-element-467a485 elementor-widget elementor-widget-text-editor\" data-id=\"467a485\" data-element_type=\"widget\" data-widget_type=\"text-editor.default\">\n\t\t\t\t<div class=\"elementor-widget-container\">\n\t\t\t\t\t\t\t\t\t<p>En compliment del que es preveu en la Llei 34\/2002, d\u201911 de juliol, de Serveis de la Societat de la Informaci\u00f3 i de Comer\u00e7 Electr\u00f2nic s\u2019informa l\u2019usuari que la p\u00e0gina web corporativa de Ara Vinc Gesti\u00f3 Documental S.L es troba allotjada en el domini aradoc.com, propietat de la societat Ara Vinc Gesti\u00f3 Documental S.L<\/p>\n\t\t\t\t\t\t\t\t<\/div>\n\t\t\t\t<\/div>\n\t\t\t\t<div class=\"elementor-element elementor-element-130c894 elementor-widget elementor-widget-text-editor\" data-id=\"130c894\" data-element_type=\"widget\" data-widget_type=\"text-editor.default\">\n\t\t\t\t<div class=\"elementor-widget-container\">\n\t\t\t\t\t\t\t\t\t<p>Ara Vinc Gesti\u00f3 Documental S.L \u00e9s una Societat Limitada la seu social de la qual est\u00e0 situada en C\/ Salvador Espriu, 5-7 08908 \u2013 L\u2019Hospitalet de Llobregat (Barcelona) amb NIF: B-67.110.767. Ara Vinc Gesti\u00f3 Documental S.L \u00e9s una societat inscrita en el registre mercantil de Barcelona, Tom 20684 Foli 171 Fulla B-11059.<\/p>\t\t\t\t\t\t\t\t<\/div>\n\t\t\t\t<\/div>\n\t\t\t\t<div class=\"elementor-element elementor-element-b2eae10 elementor-widget elementor-widget-text-editor\" data-id=\"b2eae10\" data-element_type=\"widget\" data-widget_type=\"text-editor.default\">\n\t\t\t\t<div class=\"elementor-widget-container\">\n\t\t\t\t\t\t\t\t\t<p>Ara Vinc Gesti\u00f3 Documental S.L. realitzar activitats de gesti\u00f3 documental. Per a establir una comunicaci\u00f3 directa i efectiva amb Ara Vinc Gesti\u00f3 Documental S.L. pot trucar al tel\u00e8fon +34 932 55 05 05 o escriure a l\u2019adre\u00e7a de correu electr\u00f2nic <a href=\"mailto:dpo@aradoc.cat\" target=\"_blank\" rel=\"noopener\">dpo@aradoc.cat<\/a> indicant en l\u2019assumpte del correu \u201cRef. Av\u00eds Legal\u201d.<\/p>\t\t\t\t\t\t\t\t<\/div>\n\t\t\t\t<\/div>\n\t\t\t\t<div class=\"elementor-element elementor-element-fdad5a7 elementor-widget elementor-widget-text-editor\" data-id=\"fdad5a7\" data-element_type=\"widget\" data-widget_type=\"text-editor.default\">\n\t\t\t\t<div class=\"elementor-widget-container\">\n\t\t\t\t\t\t\t\t\t<h5><strong>LINKS O ENLLA\u00c7OS A ALTRES LLOCS WEBS<\/strong><\/h5>\n\t\t\t\t\t\t\t\t<\/div>\n\t\t\t\t<\/div>\n\t\t\t\t<div class=\"elementor-element elementor-element-e5792f4 elementor-widget elementor-widget-text-editor\" data-id=\"e5792f4\" data-element_type=\"widget\" data-widget_type=\"text-editor.default\">\n\t\t\t\t<div class=\"elementor-widget-container\">\n\t\t\t\t\t\t\t\t\t<p>Ara Vinc Gesti\u00f3 Documental S.L ha incl\u00f2s en el website enlla\u00e7os a altres p\u00e0gines web que considera poden ser del seu inter\u00e8s. L\u2019objectiu d\u2019aquests enlla\u00e7os \u00e9s \u00fanicament facilitar-li la cerca d\u2019altres recursos del seu inter\u00e8s a trav\u00e9s d\u2019Internet. <\/p>\n\t\t\t\t\t\t\t\t<\/div>\n\t\t\t\t<\/div>\n\t\t\t\t<div class=\"elementor-element elementor-element-41d7703 elementor-widget elementor-widget-text-editor\" data-id=\"41d7703\" data-element_type=\"widget\" data-widget_type=\"text-editor.default\">\n\t\t\t\t<div class=\"elementor-widget-container\">\n\t\t\t\t\t\t\t\t\t<p>Aquestes p\u00e0gines no pertanyen a Ara Vinc Gesti\u00f3 Documental S.L i no fa una revisi\u00f3 dels seus continguts, per la qual cosa, Ara Vinc Gesti\u00f3 Documental S.L no pot fer-se responsable dels continguts, del funcionament de la p\u00e0gina enlla\u00e7ada o dels possibles danys que puguin derivar-se de l\u2019acc\u00e9s o \u00fas d\u2019aquesta. Ara Vinc Gesti\u00f3 Documental S.L es mostra plenament respectuosa amb els drets de propietat intel\u00b7lectual o industrial que li puguin correspondre, a terceres persones, sobre les p\u00e0gines web a les quals es refereixin els links inserits en el website. Per tal motiu, si considera que la inclusi\u00f3 d\u2019aquests enlla\u00e7os en el website pogu\u00e9s estar violant els seus drets, li preguem que es posi en contacte amb Ara Vinc Gesti\u00f3 Documental S.L enviant un correu electr\u00f2nic a l\u2019adre\u00e7a <a href=\"mailto:dpo@aradoc.cat\" target=\"_blank\" rel=\"noopener\">dpo@aradoc.cat<\/a>\u00a0indicant en l\u2019assumpte del correu \u201cRef. Website\u201d.<\/p>\t\t\t\t\t\t\t\t<\/div>\n\t\t\t\t<\/div>\n\t\t\t\t<div class=\"elementor-element elementor-element-d0e70ae elementor-widget elementor-widget-text-editor\" data-id=\"d0e70ae\" data-element_type=\"widget\" data-widget_type=\"text-editor.default\">\n\t\t\t\t<div class=\"elementor-widget-container\">\n\t\t\t\t\t\t\t\t\t<p>D\u2019altra banda, amb car\u00e0cter general s\u2019autoritza l\u2019enlla\u00e7 de p\u00e0gines web o d\u2019adreces de correu electr\u00f2nic al website, a excepci\u00f3 d\u2019aquells sup\u00f2sits en els quals expressament Ara Vinc Gesti\u00f3 Documental S.L manifesti el contrari.<\/p>\n\t\t\t\t\t\t\t\t<\/div>\n\t\t\t\t<\/div>\n\t\t\t\t<div class=\"elementor-element elementor-element-e6fc0ce elementor-widget elementor-widget-text-editor\" data-id=\"e6fc0ce\" data-element_type=\"widget\" data-widget_type=\"text-editor.default\">\n\t\t\t\t<div class=\"elementor-widget-container\">\n\t\t\t\t\t\t\t\t\t<p>Addicionalment, i en tot cas per a entendre aplicable aquesta autoritzaci\u00f3 general, aquests enlla\u00e7os hauran de respectar, necess\u00e0riament, la seg\u00fcent condici\u00f3: l\u2019establiment de l\u2019enlla\u00e7 no suposar\u00e0, per si mateix, cap mena d\u2019acord, contracte, patrocini ni recomanaci\u00f3 per part de Ara Vinc Gesti\u00f3 Documental S.L de la p\u00e0gina que realitza l\u2019enlla\u00e7.<\/p>\n\t\t\t\t\t\t\t\t<\/div>\n\t\t\t\t<\/div>\n\t\t\t\t<div class=\"elementor-element elementor-element-51cf6f2 elementor-widget elementor-widget-text-editor\" data-id=\"51cf6f2\" data-element_type=\"widget\" data-widget_type=\"text-editor.default\">\n\t\t\t\t<div class=\"elementor-widget-container\">\n\t\t\t\t\t\t\t\t\t<p>No obstant l\u2019anterior, en qualsevol moment Ara Vinc Gesti\u00f3 Documental S.L podr\u00e0 retirar l\u2019autoritzaci\u00f3 esmentada en el par\u00e0graf anterior, sense necessitat d\u2019al\u00b7legar cap causa. En tal cas, la p\u00e0gina que hagi realitzat l\u2019enlla\u00e7 haur\u00e0 de procedir a la seva immediata supressi\u00f3, tan aviat com rebi la notificaci\u00f3 de la revocaci\u00f3 de l\u2019autoritzaci\u00f3 per part de Ara Vinc Gesti\u00f3 Documental S.L. <\/p>\n\t\t\t\t\t\t\t\t<\/div>\n\t\t\t\t<\/div>\n\t\t\t\t<div class=\"elementor-element elementor-element-3ffdeef elementor-widget elementor-widget-text-editor\" data-id=\"3ffdeef\" data-element_type=\"widget\" data-widget_type=\"text-editor.default\">\n\t\t\t\t<div class=\"elementor-widget-container\">\n\t\t\t\t\t\t\t\t\t<h5><strong>COOKIES<\/strong><\/h5>\n\t\t\t\t\t\t\t\t<\/div>\n\t\t\t\t<\/div>\n\t\t\t\t<div class=\"elementor-element elementor-element-f74048b elementor-widget elementor-widget-text-editor\" data-id=\"f74048b\" data-element_type=\"widget\" data-widget_type=\"text-editor.default\">\n\t\t\t\t<div class=\"elementor-widget-container\">\n\t\t\t\t\t\t\t\t\t<p>Per a veure la pol\u00edtica de cookies del website, li emplacem al fet que es dirigeixi a la secci\u00f3 concreta del website on l&#8217;informem de forma m\u00e9s particular sobre les cookies utilitzades, la seva finalitat, i com pot bloquejar-les.<\/p>\n\t\t\t\t\t\t\t\t<\/div>\n\t\t\t\t<\/div>\n\t\t\t\t<div class=\"elementor-element elementor-element-6a6131e elementor-widget elementor-widget-text-editor\" data-id=\"6a6131e\" data-element_type=\"widget\" data-widget_type=\"text-editor.default\">\n\t\t\t\t<div class=\"elementor-widget-container\">\n\t\t\t\t\t\t\t\t\t<h5><strong>PROTECCI\u00d3 DE DADES<\/strong><\/h5>\n\t\t\t\t\t\t\t\t<\/div>\n\t\t\t\t<\/div>\n\t\t\t\t<div class=\"elementor-element elementor-element-7856721 elementor-widget elementor-widget-text-editor\" data-id=\"7856721\" data-element_type=\"widget\" data-widget_type=\"text-editor.default\">\n\t\t\t\t<div class=\"elementor-widget-container\">\n\t\t\t\t\t\t\t\t\t<p>Per a consultar el detall sobre la identitat del responsable del tractament, els tractaments de dades personals que efectuem, les finalitats amb les quals s&#8217;efectuen els tractaments, els per\u00edodes de retenci\u00f3 i sobre l&#8217;exercici dels seus drets, li emplacem al fet que es dirigeixi a la secci\u00f3 concreta del website on es descriu la <a href=\"\/ca\/politica-privacitat\/\">pol\u00edtica de privacitat.<\/a><\/p>\t\t\t\t\t\t\t\t<\/div>\n\t\t\t\t<\/div>\n\t\t\t\t\t<\/div>\n\t\t<\/div>\n\t\t\t\t\t<\/div>\n\t\t<\/section>\n\t\t\t\t<\/div>\n\t\t","protected":false},"excerpt":{"rendered":"<p>Av\u00eds legal CONDICIONS GENERALS D&#8217;\u00daS Ara Vinc Gesti\u00f3 Documental S.L l\u2019informa que l\u2019acc\u00e9s i \u00fas d\u2019aquesta p\u00e0gina web i tots els subdominis i directoris inclosos sota la mateixa (d\u2019ara endavant el website), aix\u00ed com els serveis o continguts que a trav\u00e9s d\u2019ell es puguin obtenir, estan subjectes als termes que es detallen en aquest av\u00eds [&hellip;]<\/p>\n","protected":false},"author":2,"featured_media":0,"parent":0,"menu_order":0,"comment_status":"closed","ping_status":"closed","template":"","meta":{"inline_featured_image":false,"footnotes":""},"class_list":["post-33018","page","type-page","status-publish","hentry"],"_links":{"self":[{"href":"https:\/\/aradoc.es\/ca\/wp-json\/wp\/v2\/pages\/33018","targetHints":{"allow":["GET"]}}],"collection":[{"href":"https:\/\/aradoc.es\/ca\/wp-json\/wp\/v2\/pages"}],"about":[{"href":"https:\/\/aradoc.es\/ca\/wp-json\/wp\/v2\/types\/page"}],"author":[{"embeddable":true,"href":"https:\/\/aradoc.es\/ca\/wp-json\/wp\/v2\/users\/2"}],"replies":[{"embeddable":true,"href":"https:\/\/aradoc.es\/ca\/wp-json\/wp\/v2\/comments?post=33018"}],"version-history":[{"count":0,"href":"https:\/\/aradoc.es\/ca\/wp-json\/wp\/v2\/pages\/33018\/revisions"}],"wp:attachment":[{"href":"https:\/\/aradoc.es\/ca\/wp-json\/wp\/v2\/media?parent=33018"}],"curies":[{"name":"wp","href":"https:\/\/api.w.org\/{rel}","templated":true}]}}